{"id":355,"date":"2022-08-30T11:50:40","date_gmt":"2022-08-30T11:50:40","guid":{"rendered":"https:\/\/mskssamorin.sk\/zmiesany-zbor-hid\/"},"modified":"2022-08-30T12:03:35","modified_gmt":"2022-08-30T12:03:35","slug":"hid-vegyeskar","status":"publish","type":"page","link":"https:\/\/mskssamorin.sk\/hu\/hid-vegyeskar\/","title":{"rendered":"H\u00edd Vegyeskar"},"content":{"rendered":"\n<figure class=\"wp-block-image size-full\"><img loading=\"lazy\" decoding=\"async\" width=\"900\" height=\"480\" src=\"https:\/\/wp-mskssamorin.s3.eu-central-1.amazonaws.com\/wp-content\/uploads\/2022\/08\/19083912\/hid-vegyeskar-somorja-galanta.jpg\" alt=\"\" class=\"wp-image-352\" srcset=\"https:\/\/wp-mskssamorin.s3.eu-central-1.amazonaws.com\/wp-content\/uploads\/2022\/08\/19083912\/hid-vegyeskar-somorja-galanta.jpg 900w, https:\/\/wp-mskssamorin.s3.eu-central-1.amazonaws.com\/wp-content\/uploads\/2022\/08\/19083912\/hid-vegyeskar-somorja-galanta-300x160.jpg 300w, https:\/\/wp-mskssamorin.s3.eu-central-1.amazonaws.com\/wp-content\/uploads\/2022\/08\/19083912\/hid-vegyeskar-somorja-galanta-768x410.jpg 768w\" sizes=\"auto, (max-width: 900px) 100vw, 900px\" \/><\/figure>\n\n\n\n<p>A somorjai H\u00edd Vegyeskar 1972-ben alakult. A k\u00fclf\u00f6ldi utaz\u00e1sok \u00e9s szerepl\u00e9sek k\u00f6z\u00f6tt maradand\u00f3 \u00e9lm\u00e9nyt jelentett a 2002. \u00e9vi hollandiai szerepl\u00e9s Leiderdorpban \u00e9s Leidenben, ahol akkor m\u00e1r negyedik alkalommal vettek r\u00e9szt egyh\u00e1zzenei fesztiv\u00e1lon. Magyarorsz\u00e1gon B\u00e1tasz\u00e9ken, Budapesten, S\u00e1rbog\u00e1rdon \u00e9s Szentgotth\u00e1rdon az ut\u00f3bbi 10 \u00e9vben t\u00f6bbsz\u00f6r is szerepeltek, de fell\u00e9ptek Vajt\u00e1n \u00e9s Gy\u0151rz\u00e1molybolyban,&nbsp;valamint a csehorsz\u00e1gi Pacovban, Erd\u00e9lyben Gyergy\u00f3szentmikl\u00f3son \u00e9s Nagyv\u00e1radon. A szlov\u00e1kiai magyar k\u00f3rusok h\u00e1rom\u00e9venk\u00e9nt megrendezett verseny\u00e9nek a Gal\u00e1ntai Kod\u00e1ly Napoknak rendszeres r\u00e9sztvev\u0151i. A k\u00f3rus karnagya Hecht Anna.<\/p>\n\n\n\n<h2 class=\"wp-block-heading\">El\u00e9rhet\u0151s\u00e9g:<\/h2>\n\n\n\n<p>Nagy P\u00e9ter, 0907-850037, peter.nagy@waber.slovnaft.sk<\/p>\n","protected":false},"excerpt":{"rendered":"<p>A somorjai H\u00edd Vegyeskar 1972-ben alakult. A k\u00fclf\u00f6ldi utaz\u00e1sok \u00e9s szerepl\u00e9sek k\u00f6z\u00f6tt maradand\u00f3 \u00e9lm\u00e9nyt jelentett a 2002. \u00e9vi hollandiai szerepl\u00e9s Leiderdorpban \u00e9s Leidenben, ahol akkor m\u00e1r negyedik alkalommal vettek r\u00e9szt egyh\u00e1zzenei fesztiv\u00e1lon. Magyarorsz\u00e1gon B\u00e1tasz\u00e9ken, Budapesten, S\u00e1rbog\u00e1rdon \u00e9s Szentgotth\u00e1rdon az ut\u00f3bbi 10 \u00e9vben t\u00f6bbsz\u00f6r is szerepeltek, de fell\u00e9ptek Vajt\u00e1n \u00e9s Gy\u0151rz\u00e1molybolyban,&nbsp;valamint a csehorsz\u00e1gi Pacovban, Erd\u00e9lyben Gyergy\u00f3szentmikl\u00f3son&#8230; <\/p>\n<div class=\"clear\"><\/div>\n<p><a href=\"https:\/\/mskssamorin.sk\/hu\/hid-vegyeskar\/\" class=\"excerpt-read-more newsstand-button\">R\u00e9szletek<\/a><\/p>\n","protected":false},"author":1,"featured_media":0,"parent":0,"menu_order":0,"comment_status":"closed","ping_status":"closed","template":"","meta":{"_acf_changed":false,"footnotes":""},"class_list":["post-355","page","type-page","status-publish","hentry"],"acf":[],"_links":{"self":[{"href":"https:\/\/mskssamorin.sk\/hu\/wp-json\/wp\/v2\/pages\/355","targetHints":{"allow":["GET"]}}],"collection":[{"href":"https:\/\/mskssamorin.sk\/hu\/wp-json\/wp\/v2\/pages"}],"about":[{"href":"https:\/\/mskssamorin.sk\/hu\/wp-json\/wp\/v2\/types\/page"}],"author":[{"embeddable":true,"href":"https:\/\/mskssamorin.sk\/hu\/wp-json\/wp\/v2\/users\/1"}],"replies":[{"embeddable":true,"href":"https:\/\/mskssamorin.sk\/hu\/wp-json\/wp\/v2\/comments?post=355"}],"version-history":[{"count":4,"href":"https:\/\/mskssamorin.sk\/hu\/wp-json\/wp\/v2\/pages\/355\/revisions"}],"predecessor-version":[{"id":394,"href":"https:\/\/mskssamorin.sk\/hu\/wp-json\/wp\/v2\/pages\/355\/revisions\/394"}],"wp:attachment":[{"href":"https:\/\/mskssamorin.sk\/hu\/wp-json\/wp\/v2\/media?parent=355"}],"curies":[{"name":"wp","href":"https:\/\/api.w.org\/{rel}","templated":true}]}}